{"id":37,"date":"2025-09-01T18:22:27","date_gmt":"2025-09-01T18:22:27","guid":{"rendered":"https:\/\/jcontrerasblumel21.cl\/?page_id=37"},"modified":"2025-09-02T20:20:18","modified_gmt":"2025-09-02T20:20:18","slug":"jorge-2","status":"publish","type":"page","link":"https:\/\/jcontrerasblumel21.cl\/","title":{"rendered":"Jorge"},"content":{"rendered":"<p>[et_pb_section fb_built=\u00bb1&#8243; custom_padding_last_edited=\u00bbon|phone\u00bb admin_label=\u00bbHeader\u00bb _builder_version=\u00bb4.27.4&#8243; use_background_color_gradient=\u00bbon\u00bb background_color_gradient_type=\u00bbcircular\u00bb background_color_gradient_direction_radial=\u00bbright\u00bb background_color_gradient_stops=\u00bbrgba(255,255,255,0) 33%|#f9fafc 100%\u00bb background_color_gradient_overlays_image=\u00bbon\u00bb background_color_gradient_start=\u00bbrgba(255,255,255,0)\u00bb background_color_gradient_end=\u00bb#f9fafc\u00bb background_image=\u00bbhttps:\/\/jcontrerasblumel21.cl\/wp-content\/uploads\/2025\/09\/untitled-0-1-scaled.jpg\u00bb background_position=\u00bbcenter_right\u00bb custom_margin=\u00bb|||\u00bb custom_padding=\u00bb12vw||12vw||true|false\u00bb custom_padding_tablet=\u00bb||||false|false\u00bb custom_padding_phone=\u00bb||||false|false\u00bb hover_enabled=\u00bb0&#8243; global_colors_info=\u00bb{}\u00bb animation_style=\u00bbfold\u00bb sticky_enabled=\u00bb0&#8243;][et_pb_row column_structure=\u00bb1_2,1_2&#8243; _builder_version=\u00bb4.16&#8243; max_width=\u00bb1280px\u00bb use_custom_width=\u00bbon\u00bb custom_width_px=\u00bb1280px\u00bb global_colors_info=\u00bb{}\u00bb][et_pb_column type=\u00bb1_2&#8243; _builder_version=\u00bb4.16&#8243; custom_padding=\u00bb|||\u00bb global_colors_info=\u00bb{}\u00bb custom_padding__hover=\u00bb|||\u00bb][et_pb_text _builder_version=\u00bb4.27.4&#8243; text_font=\u00bbAlmarai||||||||\u00bb header_font=\u00bbCantata One||||||||\u00bb header_font_size=\u00bb50px\u00bb header_line_height=\u00bb1.4em\u00bb header_2_font=\u00bb||||||||\u00bb header_2_text_color=\u00bbrgba(0,0,0,0.35)\u00bb header_2_font_size=\u00bb20px\u00bb header_2_line_height=\u00bb1.6em\u00bb text_orientation=\u00bbcenter\u00bb animation_style=\u00bbslide\u00bb animation_direction=\u00bbbottom\u00bb header_font_size_tablet=\u00bb35px\u00bb header_font_size_phone=\u00bb25px\u00bb header_font_size_last_edited=\u00bbon|desktop\u00bb inline_fonts=\u00bbAkaya Telivigala,Almarai,Open Sans\u00bb global_colors_info=\u00bb{}\u00bb]<\/p>\n<h1><span style=\"font-family: 'Open Sans';\"><strong>JORGE ANDR\u00c9S CONTRERAS BL\u00dcME (KOKE)<\/strong><\/span><\/h1>\n<h2><span style=\"color: rgba(1, 27, 173, 0.89); font-size: xx-large; font-family: 'Open Sans'; font-weight: normal;\"><strong>Candidato a Diputado Distrito 21<\/strong><\/span><\/h2>\n<p>[\/et_pb_text][et_pb_image src=\u00bbhttps:\/\/jcontrerasblumel21.cl\/wp-content\/uploads\/2025\/09\/U-04.png\u00bb title_text=\u00bbU-04&#8243; align=\u00bbcenter\u00bb align_tablet=\u00bbcenter\u00bb align_phone=\u00bbcenter\u00bb align_last_edited=\u00bbon|desktop\u00bb _builder_version=\u00bb4.27.4&#8243; filter_opacity=\u00bb29%\u00bb animation_style=\u00bbroll\u00bb animation_direction=\u00bbtop\u00bb animation_duration=\u00bb1500ms\u00bb animation_intensity_roll=\u00bb10%\u00bb global_colors_info=\u00bb{}\u00bb][\/et_pb_image][\/et_pb_column][et_pb_column type=\u00bb1_2&#8243; _builder_version=\u00bb4.16&#8243; custom_padding=\u00bb|||\u00bb global_colors_info=\u00bb{}\u00bb custom_padding__hover=\u00bb|||\u00bb][\/et_pb_column][\/et_pb_row][\/et_pb_section][et_pb_section fb_built=\u00bb1&#8243; admin_label=\u00bbContact Info\u00bb _builder_version=\u00bb4.16&#8243; background_image=\u00bbhttps:\/\/jcontrerasblumel21.cl\/wp-content\/uploads\/2025\/09\/dentist-04.png\u00bb background_size=\u00bbinitial\u00bb background_position=\u00bbtop_center\u00bb custom_padding=\u00bb0|0px|150px|0px|false|false\u00bb global_colors_info=\u00bb{}\u00bb][et_pb_row column_structure=\u00bb1_3,1_3,1_3&#8243; custom_padding_last_edited=\u00bbon|desktop\u00bb _builder_version=\u00bb4.27.4&#8243; use_background_color_gradient=\u00bbon\u00bb background_color_gradient_direction=\u00bb108deg\u00bb background_color_gradient_stops=\u00bb#001c8e 0%|rgba(0,86,237,0.7) 100%\u00bb background_color_gradient_start=\u00bb#0059c3&#8243; background_color_gradient_end=\u00bbrgba(0,129,255,0.7)\u00bb max_width=\u00bb1280px\u00bb module_alignment=\u00bbcenter\u00bb custom_margin=\u00bb|||\u00bb custom_padding=\u00bb70px|5vw|70px|5vw|true|true\u00bb custom_padding_tablet=\u00bb|5vw||5vw||true\u00bb custom_padding_phone=\u00bb|5vw||5vw||true\u00bb animation_style=\u00bbzoom\u00bb animation_direction=\u00bbtop\u00bb animation_intensity_zoom=\u00bb1%\u00bb border_radii=\u00bb|||14vw|14vw\u00bb box_shadow_style=\u00bbpreset1&#8243; box_shadow_vertical=\u00bb20px\u00bb box_shadow_blur=\u00bb50px\u00bb box_shadow_color=\u00bbrgba(0,121,255,0.2)\u00bb use_custom_width=\u00bbon\u00bb custom_width_px=\u00bb1280px\u00bb global_colors_info=\u00bb{}\u00bb][et_pb_column type=\u00bb1_3&#8243; _builder_version=\u00bb4.16&#8243; custom_padding=\u00bb|||\u00bb custom_padding_tablet=\u00bb40px|||\u00bb custom_padding_phone=\u00bb20px|||\u00bb custom_padding_last_edited=\u00bboff|desktop\u00bb global_colors_info=\u00bb{}\u00bb padding_phone=\u00bb20px|||\u00bb padding_tablet=\u00bb40px|||\u00bb padding_last_edited=\u00bboff|desktop\u00bb custom_padding__hover=\u00bb|||\u00bb][et_pb_blurb title=\u00bb52 A\u00f1os\u00bb use_icon=\u00bbon\u00bb font_icon=\u00bb&#xe08b;||divi||400&#8243; icon_color=\u00bb#ffffff\u00bb icon_placement=\u00bbleft\u00bb _builder_version=\u00bb4.27.4&#8243; header_font=\u00bbCantata One||||||||\u00bb header_line_height=\u00bb1.6em\u00bb body_font=\u00bb||||||||\u00bb body_line_height=\u00bb2em\u00bb background_layout=\u00bbdark\u00bb animation=\u00bboff\u00bb global_colors_info=\u00bb{}\u00bb]<\/p>\n<p>Tres Hijos (Josefa, Fernanda y Rom\u00e1n)<\/p>\n<p>[\/et_pb_blurb][\/et_pb_column][et_pb_column type=\u00bb1_3&#8243; _builder_version=\u00bb4.16&#8243; custom_padding=\u00bb|||\u00bb custom_padding_tablet=\u00bb40px|||\u00bb custom_padding_phone=\u00bb20px|||\u00bb custom_padding_last_edited=\u00bboff|desktop\u00bb global_colors_info=\u00bb{}\u00bb padding_phone=\u00bb20px|||\u00bb padding_tablet=\u00bb40px|||\u00bb padding_last_edited=\u00bboff|desktop\u00bb custom_padding__hover=\u00bb|||\u00bb][et_pb_blurb title=\u00bbNacido y criado en Los \u00c1ngeles, familia de Quilleco\u00bb use_icon=\u00bbon\u00bb font_icon=\u00bb&#xf015;||fa||900&#8243; icon_color=\u00bb#ffffff\u00bb icon_placement=\u00bbleft\u00bb _builder_version=\u00bb4.27.4&#8243; header_font=\u00bbCantata One||||||||\u00bb header_line_height=\u00bb1.6em\u00bb body_font=\u00bb||||||||\u00bb body_line_height=\u00bb2em\u00bb background_layout=\u00bbdark\u00bb animation=\u00bboff\u00bb global_colors_info=\u00bb{}\u00bb][\/et_pb_blurb][\/et_pb_column][et_pb_column type=\u00bb1_3&#8243; _builder_version=\u00bb4.16&#8243; custom_padding=\u00bb|||\u00bb custom_padding_tablet=\u00bb40px|||\u00bb custom_padding_phone=\u00bb20px|||\u00bb custom_padding_last_edited=\u00bboff|desktop\u00bb global_colors_info=\u00bb{}\u00bb padding_phone=\u00bb20px|||\u00bb padding_tablet=\u00bb40px|||\u00bb padding_last_edited=\u00bboff|desktop\u00bb custom_padding__hover=\u00bb|||\u00bb][et_pb_blurb title=\u00bbPadres: Dar\u00edo Contreras, Carmen Bl\u00fcmel (ambos angelinos)\u00bb use_icon=\u00bbon\u00bb font_icon=\u00bb&#xe08b;||divi||400&#8243; icon_color=\u00bb#ffffff\u00bb icon_placement=\u00bbleft\u00bb _builder_version=\u00bb4.27.4&#8243; header_font=\u00bbCantata One||||||||\u00bb header_line_height=\u00bb1.6em\u00bb body_font=\u00bb||||||||\u00bb body_line_height=\u00bb2em\u00bb background_layout=\u00bbdark\u00bb animation=\u00bboff\u00bb global_colors_info=\u00bb{}\u00bb]<\/p>\n<ul>\n<li>Dos hermanos<\/li>\n<\/ul>\n<p>[\/et_pb_blurb][\/et_pb_column][\/et_pb_row][\/et_pb_section][et_pb_section fb_built=\u00bb1&#8243; admin_label=\u00bbAbout Us\u00bb _builder_version=\u00bb4.27.4&#8243; custom_padding=\u00bb||198px||false|false\u00bb global_colors_info=\u00bb{}\u00bb][et_pb_row column_structure=\u00bb1_2,1_2&#8243; padding_top_bottom_link_2=\u00bbfalse\u00bb _builder_version=\u00bb4.16&#8243; global_colors_info=\u00bb{}\u00bb][et_pb_column type=\u00bb1_2&#8243; _builder_version=\u00bb4.16&#8243; custom_padding=\u00bb|||\u00bb global_colors_info=\u00bb{}\u00bb custom_padding__hover=\u00bb|||\u00bb][et_pb_image src=\u00bbhttps:\/\/jcontrerasblumel21.cl\/wp-content\/uploads\/2025\/09\/WhatsApp-Image-2025-08-29-at-8.53.47-AM.jpeg\u00bb title_text=\u00bbWhatsApp Image 2025-08-29 at 8.53.47 AM\u00bb align_tablet=\u00bbcenter\u00bb align_phone=\u00bbcenter\u00bb align_last_edited=\u00bbon|desktop\u00bb _builder_version=\u00bb4.27.4&#8243; custom_margin=\u00bb|||\u00bb border_radii=\u00bboff|94px||98px|\u00bb box_shadow_style=\u00bbpreset3&#8243; box_shadow_vertical=\u00bb20px\u00bb box_shadow_blur=\u00bb30px\u00bb box_shadow_color=\u00bbrgba(173,180,208,0.2)\u00bb global_colors_info=\u00bb{}\u00bb][\/et_pb_image][\/et_pb_column][et_pb_column type=\u00bb1_2&#8243; _builder_version=\u00bb4.16&#8243; custom_padding=\u00bb100px|||\u00bb custom_padding_tablet=\u00bb0px||0px|\u00bb custom_padding_last_edited=\u00bboff|desktop\u00bb global_colors_info=\u00bb{}\u00bb padding_tablet=\u00bb0px||0px|\u00bb padding_last_edited=\u00bboff|desktop\u00bb custom_padding__hover=\u00bb|||\u00bb][et_pb_text _builder_version=\u00bb4.16&#8243; text_font=\u00bbOpen Sans||||||||\u00bb text_line_height=\u00bb2em\u00bb header_font=\u00bb||||||||\u00bb header_2_font=\u00bbCantata One||||||||\u00bb header_2_font_size=\u00bb40px\u00bb header_2_line_height=\u00bb1.4em\u00bb custom_margin=\u00bb-97px|||||\u00bb header_2_font_size_tablet=\u00bb35px\u00bb header_2_font_size_phone=\u00bb25px\u00bb header_2_font_size_last_edited=\u00bbon|phone\u00bb global_colors_info=\u00bb{}\u00bb]<\/p>\n<h2>Angelino de Coraz\u00f3n<\/h2>\n<p>Angelino que nace y se cr\u00eda en la vida de campo en la comuna de Quilleco, en el hermoso sector de Loncop\u00e1n.\u00a0 Junto a su familia van y vuelven desde camino a Antuco a una naciente ciudad de Los \u00c1ngeles. Deciden mudarse a Santiago con la firme decisi\u00f3n de postular e ingresar al ic\u00f3nico Instituto Nacional. Por un azar del destino encuentra en su camino a La Escuela Militar. Desarrolla una desafiante y apasionante carrera militar a lo largo de Chile y el extranjero. Vive en China, Los Balcanes y Buenos Aires.<\/p>\n<p>\u00a0Formador, instructor y docente por vocaci\u00f3n. Lector de novelas hist\u00f3ricas y escritor de art\u00edculos y columnas de opini\u00f3n. Deportista de una gran variedad de intentos en el voleibol, running, ciclismo y solo con objetivo logrado en el TAE KWON DO. Fan de las series de ciencia ficci\u00f3n, 31 minutos y la Guerra de Las Galaxias.<\/p>\n<p>\u00a0Conoce la pol\u00edtica y su rol para el pa\u00eds, en el \u201cestallido social\u201d, desde la vereda de las fuerzas armadas en la calle y la lealtad al gobierno del Presidente Pi\u00f1era y su Ministro del Interior. Luego, la redescubre e interpreta en L\u00edderes para Chile de Horizontal. Profundiza en los ideales liberales y lee con sincero inter\u00e9s a Vargas Llosa y su camino a los principios liberales.<\/p>\n<p>\u00a0Apadrina, junto a muchos otros, hogares de menores y conoce la cruda vivencia de los ni\u00f1os en riesgo social, comparte su grandeza y soledad. Dese ese lugar y la realidad de tantos j\u00f3venes instruidos y formados en diferentes aulas, comprende que Chile demanda con urgencia liderazgos honestos, defensores de la igualdad de oportunidades, de la libertad, del estado de derecho y de un pa\u00eds libre de ideolog\u00edas for\u00e1neas que da\u00f1an el ethos de una naci\u00f3n \u00fanica, plena de victorias y logros, heredera de la mixtura m\u00e1s hermosa que el mestizaje ha forjado en la Am\u00e9rica Latina.<\/p>\n<p>[\/et_pb_text][\/et_pb_column][\/et_pb_row][\/et_pb_section][et_pb_section fb_built=\u00bb1&#8243; custom_padding_last_edited=\u00bbon|tablet\u00bb admin_label=\u00bbServices\u00bb _builder_version=\u00bb4.16&#8243; custom_margin=\u00bb|||\u00bb custom_padding=\u00bb0|0px|0|220px|false|false\u00bb custom_padding_tablet=\u00bb|0%|40px|0%|false|true\u00bb custom_padding_phone=\u00bb\u00bb border_radii=\u00bb||||20vw\u00bb box_shadow_style=\u00bbpreset1&#8243; box_shadow_vertical=\u00bb40px\u00bb box_shadow_blur=\u00bb60px\u00bb box_shadow_color=\u00bbrgba(0,64,135,0.06)\u00bb global_colors_info=\u00bb{}\u00bb][et_pb_row column_structure=\u00bb1_6,1_6,1_6,1_6,1_6,1_6&#8243; use_custom_gutter=\u00bbon\u00bb gutter_width=\u00bb1&#8243; _builder_version=\u00bb4.16&#8243; width=\u00bb100%\u00bb max_width=\u00bb100%\u00bb module_alignment=\u00bbright\u00bb custom_margin=\u00bb|||\u00bb custom_padding=\u00bb0|0px|0|0px|false|false\u00bb use_custom_width=\u00bbon\u00bb width_unit=\u00bboff\u00bb custom_width_percent=\u00bb100%\u00bb global_colors_info=\u00bb{}\u00bb][et_pb_column type=\u00bb1_6&#8243; _builder_version=\u00bb4.16&#8243; custom_padding=\u00bb|||\u00bb global_colors_info=\u00bb{}\u00bb custom_padding__hover=\u00bb|||\u00bb][et_pb_blurb _builder_version=\u00bb4.27.4&#8243; background_color=\u00bb#ef4135&#8243; custom_margin=\u00bb||30px|-60px\u00bb custom_margin_tablet=\u00bb|||0px\u00bb custom_margin_phone=\u00bb|10%|10px|10%||true\u00bb custom_margin_last_edited=\u00bbon|phone\u00bb custom_padding=\u00bb60px||30px|60px\u00bb custom_padding_tablet=\u00bb\u00bb custom_padding_phone=\u00bb20px||0px|\u00bb custom_padding_last_edited=\u00bbon|desktop\u00bb border_radii=\u00bb||||10vw\u00bb box_shadow_style=\u00bbpreset1&#8243; box_shadow_vertical=\u00bb20px\u00bb box_shadow_blur=\u00bb50px\u00bb box_shadow_color=\u00bbrgba(0,121,255,0.2)\u00bb global_colors_info=\u00bb{}\u00bb][\/et_pb_blurb][\/et_pb_column][et_pb_column type=\u00bb1_6&#8243; _builder_version=\u00bb4.16&#8243; custom_padding=\u00bb|||\u00bb global_colors_info=\u00bb{}\u00bb custom_padding__hover=\u00bb|||\u00bb][et_pb_blurb image_icon_width_last_edited=\u00bboff|desktop\u00bb _builder_version=\u00bb4.27.4&#8243; background_color=\u00bb#ef4135&#8243; custom_margin=\u00bb||30px|\u00bb custom_margin_tablet=\u00bb\u00bb custom_margin_phone=\u00bb|10%|10px|10%||true\u00bb custom_margin_last_edited=\u00bbon|phone\u00bb custom_padding=\u00bb60px||30px|\u00bb custom_padding_tablet=\u00bb\u00bb custom_padding_phone=\u00bb20px||0px||false\u00bb custom_padding_last_edited=\u00bbon|desktop\u00bb box_shadow_style=\u00bbpreset1&#8243; box_shadow_vertical=\u00bb20px\u00bb box_shadow_blur=\u00bb50px\u00bb box_shadow_color=\u00bbrgba(0,121,255,0.2)\u00bb image_max_width_last_edited=\u00bboff|desktop\u00bb locked=\u00bboff\u00bb global_colors_info=\u00bb{}\u00bb][\/et_pb_blurb][\/et_pb_column][et_pb_column type=\u00bb1_6&#8243; _builder_version=\u00bb4.16&#8243; custom_padding=\u00bb|||\u00bb global_colors_info=\u00bb{}\u00bb custom_padding__hover=\u00bb|||\u00bb][et_pb_blurb image_icon_width_last_edited=\u00bboff|desktop\u00bb _builder_version=\u00bb4.27.4&#8243; background_color=\u00bb#ef4135&#8243; custom_margin=\u00bb||30px|\u00bb custom_margin_tablet=\u00bb\u00bb custom_margin_phone=\u00bb|10%|10px|10%||true\u00bb custom_margin_last_edited=\u00bbon|phone\u00bb custom_padding=\u00bb60px||30px|\u00bb custom_padding_tablet=\u00bb\u00bb custom_padding_phone=\u00bb20px||0px||false\u00bb custom_padding_last_edited=\u00bbon|desktop\u00bb box_shadow_style=\u00bbpreset1&#8243; box_shadow_vertical=\u00bb20px\u00bb box_shadow_blur=\u00bb50px\u00bb box_shadow_color=\u00bbrgba(0,121,255,0.2)\u00bb image_max_width_last_edited=\u00bboff|desktop\u00bb locked=\u00bboff\u00bb global_colors_info=\u00bb{}\u00bb][\/et_pb_blurb][\/et_pb_column][et_pb_column type=\u00bb1_6&#8243; _builder_version=\u00bb4.16&#8243; custom_padding=\u00bb|||\u00bb global_colors_info=\u00bb{}\u00bb custom_padding__hover=\u00bb|||\u00bb][et_pb_blurb image_icon_width_last_edited=\u00bboff|desktop\u00bb _builder_version=\u00bb4.27.4&#8243; background_color=\u00bb#ef4135&#8243; custom_margin=\u00bb||30px|\u00bb custom_margin_tablet=\u00bb\u00bb custom_margin_phone=\u00bb|10%|10px|10%||true\u00bb custom_margin_last_edited=\u00bbon|phone\u00bb custom_padding=\u00bb60px||30px|\u00bb custom_padding_tablet=\u00bb\u00bb custom_padding_phone=\u00bb20px||0px||false\u00bb custom_padding_last_edited=\u00bbon|desktop\u00bb box_shadow_style=\u00bbpreset1&#8243; box_shadow_vertical=\u00bb20px\u00bb box_shadow_blur=\u00bb50px\u00bb box_shadow_color=\u00bbrgba(0,121,255,0.2)\u00bb image_max_width_last_edited=\u00bboff|desktop\u00bb locked=\u00bboff\u00bb global_colors_info=\u00bb{}\u00bb][\/et_pb_blurb][\/et_pb_column][et_pb_column type=\u00bb1_6&#8243; _builder_version=\u00bb4.16&#8243; custom_padding=\u00bb|||\u00bb global_colors_info=\u00bb{}\u00bb custom_padding__hover=\u00bb|||\u00bb][et_pb_blurb image_icon_width_last_edited=\u00bboff|desktop\u00bb _builder_version=\u00bb4.27.4&#8243; background_color=\u00bb#ef4135&#8243; custom_margin=\u00bb||30px|\u00bb custom_margin_tablet=\u00bb\u00bb custom_margin_phone=\u00bb|10%|10px|10%||true\u00bb custom_margin_last_edited=\u00bbon|phone\u00bb custom_padding=\u00bb60px||30px|\u00bb custom_padding_tablet=\u00bb\u00bb custom_padding_phone=\u00bb20px||0px||false\u00bb custom_padding_last_edited=\u00bbon|desktop\u00bb box_shadow_style=\u00bbpreset1&#8243; box_shadow_vertical=\u00bb20px\u00bb box_shadow_blur=\u00bb50px\u00bb box_shadow_color=\u00bbrgba(0,121,255,0.2)\u00bb image_max_width_last_edited=\u00bboff|desktop\u00bb locked=\u00bboff\u00bb global_colors_info=\u00bb{}\u00bb][\/et_pb_blurb][\/et_pb_column][et_pb_column type=\u00bb1_6&#8243; _builder_version=\u00bb4.16&#8243; custom_padding=\u00bb|||\u00bb global_colors_info=\u00bb{}\u00bb custom_padding__hover=\u00bb|||\u00bb][et_pb_blurb image_icon_width_last_edited=\u00bboff|desktop\u00bb _builder_version=\u00bb4.27.4&#8243; background_color=\u00bb#ef4135&#8243; custom_margin=\u00bb||30px|\u00bb custom_margin_tablet=\u00bb\u00bb custom_margin_phone=\u00bb|10%|10px|10%||true\u00bb custom_margin_last_edited=\u00bbon|phone\u00bb custom_padding=\u00bb60px||30px|\u00bb custom_padding_tablet=\u00bb\u00bb custom_padding_phone=\u00bb20px||0px||false\u00bb custom_padding_last_edited=\u00bbon|desktop\u00bb box_shadow_style=\u00bbpreset1&#8243; box_shadow_vertical=\u00bb20px\u00bb box_shadow_blur=\u00bb50px\u00bb box_shadow_color=\u00bbrgba(0,121,255,0.2)\u00bb image_max_width_last_edited=\u00bboff|desktop\u00bb locked=\u00bboff\u00bb global_colors_info=\u00bb{}\u00bb][\/et_pb_blurb][\/et_pb_column][\/et_pb_row][\/et_pb_section][et_pb_section fb_built=\u00bb1&#8243; admin_label=\u00bbTips\u00bb _builder_version=\u00bb4.27.4&#8243; use_background_color_gradient=\u00bbon\u00bb background_color_gradient_direction=\u00bb153deg\u00bb background_color_gradient_stops=\u00bb#ffffff 30%|rgba(255,255,255,0.29) 80%\u00bb background_color_gradient_overlays_image=\u00bbon\u00bb background_color_gradient_start=\u00bb#ffffff\u00bb background_color_gradient_start_position=\u00bb30%\u00bb background_color_gradient_end=\u00bbrgba(255,255,255,0.29)\u00bb background_color_gradient_end_position=\u00bb80%\u00bb background_image=\u00bbhttps:\/\/jcontrerasblumel21.cl\/wp-content\/uploads\/2025\/09\/Los-Angeles.jpg\u00bb custom_padding=\u00bb8vw|0px|8vw|0px|true|false\u00bb box_shadow_style=\u00bbpreset6&#8243; box_shadow_horizontal=\u00bb80px\u00bb box_shadow_vertical=\u00bb-200px\u00bb box_shadow_blur=\u00bb200px\u00bb box_shadow_color=\u00bb#ffffff\u00bb global_colors_info=\u00bb{}\u00bb][et_pb_row column_structure=\u00bb3_4,1_4&#8243; use_custom_gutter=\u00bbon\u00bb gutter_width=\u00bb4&#8243; _builder_version=\u00bb4.16&#8243; width=\u00bb93.8%\u00bb custom_margin=\u00bb|221px||345px||\u00bb global_colors_info=\u00bb{}\u00bb][et_pb_column type=\u00bb3_4&#8243; _builder_version=\u00bb4.16&#8243; custom_padding=\u00bb|||\u00bb global_colors_info=\u00bb{}\u00bb custom_padding__hover=\u00bb|||\u00bb][et_pb_text _builder_version=\u00bb4.16&#8243; text_font=\u00bbOpen Sans||||||||\u00bb text_line_height=\u00bb2em\u00bb header_font=\u00bb||||||||\u00bb header_2_font=\u00bbCantata One||||||||\u00bb header_2_font_size=\u00bb40px\u00bb header_2_line_height=\u00bb1.4em\u00bb max_width=\u00bb500px\u00bb header_2_font_size_tablet=\u00bb35px\u00bb header_2_font_size_phone=\u00bb25px\u00bb header_2_font_size_last_edited=\u00bbon|phone\u00bb global_colors_info=\u00bb{}\u00bb]<\/p>\n<h2>Agradecido<\/h2>\n<p>[\/et_pb_text][et_pb_text _builder_version=\u00bb4.27.4&#8243; _module_preset=\u00bbdefault\u00bb text_font=\u00bbOpen Sans||||||||\u00bb text_font_size=\u00bb23px\u00bb text_line_height=\u00bb1.9em\u00bb header_font=\u00bbOpen Sans||||||||\u00bb header_line_height=\u00bb1.4em\u00bb global_colors_info=\u00bb{}\u00bb]<\/p>\n<p>Agradecido de la vida y de la incre\u00edble experiencia de la paternidad de Josefa, Fer y Rom\u00e1n, pongo a disposici\u00f3n de la militancia Evopoli del Biob\u00edo mi vocaci\u00f3n de servicio a Chile, mis energ\u00edas y todos mis inmaduros talentos para representar a nuestra regi\u00f3n en la pr\u00f3ximas elecciones parlamentarias del distrito 21.<\/p>\n<p>[\/et_pb_text][et_pb_text _builder_version=\u00bb4.16&#8243; text_font=\u00bbOpen Sans||||||||\u00bb text_line_height=\u00bb2em\u00bb header_font=\u00bb||||||||\u00bb header_3_font=\u00bbCantata One||||||||\u00bb header_3_font_size=\u00bb20px\u00bb header_3_line_height=\u00bb1.6em\u00bb max_width=\u00bb500px\u00bb custom_margin=\u00bb|-169px||||\u00bb custom_padding=\u00bb||0px|||\u00bb locked=\u00bboff\u00bb global_colors_info=\u00bb{}\u00bb][\/et_pb_text][\/et_pb_column][et_pb_column type=\u00bb1_4&#8243; _builder_version=\u00bb4.16&#8243; custom_padding=\u00bb|||\u00bb global_colors_info=\u00bb{}\u00bb custom_padding__hover=\u00bb|||\u00bb][\/et_pb_column][\/et_pb_row][\/et_pb_section][et_pb_section fb_built=\u00bb1&#8243; disabled_on=\u00bboff|off|off\u00bb admin_label=\u00bbTeam\u00bb _builder_version=\u00bb4.27.4&#8243; background_color=\u00bb#0081ff\u00bb use_background_color_gradient=\u00bbon\u00bb background_color_gradient_direction=\u00bb170deg\u00bb background_color_gradient_stops=\u00bb#0059c3 0%|#0081ff 51%\u00bb background_color_gradient_start=\u00bb#0059c3&#8243; background_color_gradient_end=\u00bb#0081ff\u00bb background_color_gradient_end_position=\u00bb51%\u00bb background_enable_image=\u00bboff\u00bb background_size=\u00bbinitial\u00bb background_position=\u00bbbottom_left\u00bb background_horizontal_offset=\u00bb-2%\u00bb background_vertical_offset=\u00bb25%\u00bb background_blend=\u00bbsoft-light\u00bb custom_margin=\u00bb||||false|false\u00bb custom_padding=\u00bb3px||180px||false|false\u00bb bottom_divider_style=\u00bbwave\u00bb bottom_divider_color=\u00bb#ffffff\u00bb bottom_divider_height=\u00bb14px\u00bb bottom_divider_repeat=\u00bb18x\u00bb bottom_divider_repeat_tablet=\u00bb9x\u00bb bottom_divider_repeat_phone=\u00bb4x\u00bb bottom_divider_repeat_last_edited=\u00bbon|phone\u00bb border_radii=\u00bb||20vw||\u00bb global_colors_info=\u00bb{}\u00bb][et_pb_row column_structure=\u00bb3_5,2_5&#8243; _builder_version=\u00bb4.16&#8243; custom_margin=\u00bb40px||40px||true\u00bb global_colors_info=\u00bb{}\u00bb][et_pb_column type=\u00bb3_5&#8243; _builder_version=\u00bb4.16&#8243; custom_padding=\u00bb|||\u00bb global_colors_info=\u00bb{}\u00bb custom_padding__hover=\u00bb|||\u00bb][et_pb_text _builder_version=\u00bb4.27.4&#8243; text_font=\u00bbOpen Sans||||||||\u00bb text_font_size=\u00bb27px\u00bb text_line_height=\u00bb2em\u00bb header_font=\u00bb||||||||\u00bb header_2_font=\u00bbCantata One||||||||\u00bb header_2_font_size=\u00bb40px\u00bb header_2_line_height=\u00bb1.4em\u00bb text_orientation=\u00bbcenter\u00bb background_layout=\u00bbdark\u00bb max_width=\u00bb756px\u00bb module_alignment=\u00bbcenter\u00bb custom_margin=\u00bb|68px||92px||\u00bb header_2_font_size_tablet=\u00bb35px\u00bb header_2_font_size_phone=\u00bb25px\u00bb header_2_font_size_last_edited=\u00bbon|phone\u00bb locked=\u00bboff\u00bb global_colors_info=\u00bb{}\u00bb]<\/p>\n<h1><strong>Educaci\u00f3n<\/strong><\/h1>\n<p><o:p><\/o:p><\/p>\n<ul>\n<li style=\"text-align: left;\">\n<h4>Licenciado en Ciencias Militares<\/h4>\n<\/li>\n<li style=\"text-align: left;\">\n<h4>Profesor Militar en Inteligencia<\/h4>\n<\/li>\n<li style=\"text-align: left;\">\n<h4>Magister en Educaci\u00f3n<\/h4>\n<\/li>\n<li style=\"text-align: left;\">\n<h4>Magister en Planeamiento Estrat\u00e9gico<\/h4>\n<\/li>\n<li style=\"text-align: left;\">\n<h4>Diplomado en relaciones internacionales<\/h4>\n<\/li>\n<li style=\"text-align: left;\">\n<h4>Profesor de Academia en Inteligencia Estrat\u00e9gica<\/h4>\n<\/li>\n<li style=\"text-align: left;\">\n<h4>Premio al Mando y Liderazgo de su generaci\u00f3n en la Escuela Militar<\/h4>\n<\/li>\n<\/ul>\n<p>&nbsp;<\/p>\n<p>[\/et_pb_text][\/et_pb_column][et_pb_column type=\u00bb2_5&#8243; _builder_version=\u00bb4.16&#8243; custom_padding=\u00bb|||\u00bb global_colors_info=\u00bb{}\u00bb custom_padding__hover=\u00bb|||\u00bb][et_pb_image src=\u00bbhttps:\/\/jcontrerasblumel21.cl\/wp-content\/uploads\/2025\/09\/IMG_3287.jpeg\u00bb title_text=\u00bbIMG_3287&#8243; align_tablet=\u00bbcenter\u00bb align_phone=\u00bb\u00bb align_last_edited=\u00bbon|desktop\u00bb _builder_version=\u00bb4.27.4&#8243; max_width=\u00bb400px\u00bb module_alignment=\u00bbcenter\u00bb custom_margin=\u00bb||0px|\u00bb border_radii=\u00bb|10px|10px||\u00bb box_shadow_style=\u00bbpreset1&#8243; box_shadow_blur=\u00bb60px\u00bb global_colors_info=\u00bb{}\u00bb][\/et_pb_image][et_pb_team_member name=\u00bbJORGE ANDR\u00c9S CONTRERAS BL\u00dcME (KOKE)\u00bb position=\u00bbCandidato a Diputado Distrito 21&#8243; icon_color=\u00bb666&#8243; _builder_version=\u00bb4.16&#8243; header_font=\u00bbCantata One||||||||\u00bb header_line_height=\u00bb1.2em\u00bb body_font=\u00bbOpen Sans||||||||\u00bb body_font_size=\u00bb16px\u00bb body_line_height=\u00bb1.8em\u00bb background_color=\u00bb#ffffff\u00bb text_orientation=\u00bbcenter\u00bb max_width=\u00bb400px\u00bb module_alignment=\u00bbcenter\u00bb custom_margin=\u00bb|||\u00bb custom_padding=\u00bb30px|30px|30px|30px|true|true\u00bb custom_padding_phone=\u00bb|||\u00bb custom_padding_last_edited=\u00bboff|desktop\u00bb border_radii=\u00bb|||10px|10px\u00bb box_shadow_style=\u00bbpreset1&#8243; box_shadow_blur=\u00bb60px\u00bb icon_hover_color=\u00bb#0079ff\u00bb global_colors_info=\u00bb{}\u00bb][\/et_pb_team_member][\/et_pb_column][\/et_pb_row][\/et_pb_section][et_pb_section fb_built=\u00bb1&#8243; use_custom_gutter=\u00bbon\u00bb gutter_width=\u00bb1&#8243; specialty=\u00bbon\u00bb prev_background_color=\u00bb#0081ff\u00bb padding_top_1=\u00bb80px\u00bb padding_right_1=\u00bb60px\u00bb padding_bottom_1=\u00bb60px\u00bb padding_left_1=\u00bb60px\u00bb padding_top_bottom_link_1=\u00bbfalse\u00bb padding_left_right_link_1=\u00bbtrue\u00bb padding_1_tablet=\u00bb|0px||0px||true\u00bb padding_1_phone=\u00bb\u00bb padding_1_last_edited=\u00bbon|desktop\u00bb admin_label=\u00bbFeature\u00bb module_class=\u00bb et_pb_specialty_fullwidth\u00bb _builder_version=\u00bb4.27.4&#8243; use_background_color_gradient=\u00bbon\u00bb background_color_gradient_type=\u00bbcircular\u00bb background_color_gradient_direction_radial=\u00bbbottom right\u00bb background_color_gradient_stops=\u00bb#e02b20 0%|rgba(224,21,11,0) 60%\u00bb background_color_gradient_overlays_image=\u00bbon\u00bb background_color_gradient_start=\u00bbrgba(255,255,255,0)\u00bb background_color_gradient_end=\u00bb#ffffff\u00bb background_color_gradient_end_position=\u00bb50%\u00bb background_enable_image=\u00bboff\u00bb background_size=\u00bbcontain\u00bb background_position=\u00bbbottom_right\u00bb inner_width=\u00bb100%\u00bb inner_width_tablet=\u00bb100%\u00bb inner_width_phone=\u00bb100%\u00bb inner_width_last_edited=\u00bbon|desktop\u00bb inner_max_width=\u00bb100%\u00bb inner_max_width_tablet=\u00bb100%\u00bb inner_max_width_phone=\u00bb100%\u00bb inner_max_width_last_edited=\u00bbon|desktop\u00bb custom_margin=\u00bb-120px|10%||10%||true\u00bb custom_padding=\u00bb0px|0px|300px|0px|false|false\u00bb top_divider_style=\u00bbwave\u00bb top_divider_height=\u00bb4px\u00bb top_divider_repeat=\u00bb60x\u00bb top_divider_arrangement=\u00bbabove_content\u00bb top_divider_repeat_tablet=\u00bb30x\u00bb top_divider_repeat_phone=\u00bb15x\u00bb top_divider_repeat_last_edited=\u00bbon|phone\u00bb animation_style=\u00bbslide\u00bb animation_direction=\u00bbbottom\u00bb animation_intensity_slide=\u00bb5%\u00bb border_radii=\u00bb|||14vw|14vw\u00bb box_shadow_style=\u00bbpreset1&#8243; box_shadow_vertical=\u00bb60px\u00bb box_shadow_blur=\u00bb60px\u00bb box_shadow_color=\u00bbrgba(0,64,135,0.06)\u00bb make_fullwidth=\u00bbon\u00bb global_colors_info=\u00bb{}\u00bb][et_pb_column type=\u00bb1_3&#8243; _builder_version=\u00bb4.16&#8243; custom_padding=\u00bb|||\u00bb global_colors_info=\u00bb{}\u00bb padding_tablet=\u00bb|0px||0px||true\u00bb padding_last_edited=\u00bbon|desktop\u00bb custom_padding__hover=\u00bb|||\u00bb padding_phone=\u00bb|0px||0px||true\u00bb][et_pb_text _builder_version=\u00bb4.27.4&#8243; text_font=\u00bbOpen Sans||||||||\u00bb text_line_height=\u00bb2em\u00bb header_font=\u00bb||||||||\u00bb header_3_font=\u00bbCantata One||||||||\u00bb header_3_font_size=\u00bb20px\u00bb header_3_line_height=\u00bb1.6em\u00bb custom_margin=\u00bb||30px|\u00bb header_3_font_size_tablet=\u00bb\u00bb header_3_font_size_phone=\u00bb25px\u00bb header_3_font_size_last_edited=\u00bbon|phone\u00bb locked=\u00bboff\u00bb global_colors_info=\u00bb{}\u00bb]<\/p>\n<h1><strong>Perfil Profesional<\/strong><\/h1>\n<p><o:p><\/o:p><\/p>\n<ul>\n<li><span style=\"font-size: large;\">Coronel de Ej\u00e9rcito en retiro, especialista en seguridad p\u00fablica ciudadana. Ha desempe\u00f1ado cargos como responsable de la coordinaci\u00f3n de las fuerzas armadas para el Estallido Social, la Pandemia del COVID y los \u00faltimos 6 actos electorales.<\/span><span style=\"font-size: large;\"><\/span><\/li>\n<\/ul>\n<p><span style=\"font-size: large;\"><\/span><\/p>\n<ul>\n<li><span style=\"font-size: large;\">Miembro del programa L\u00edderes para Chile de Horizontal (segunda generaci\u00f3n)<\/span><\/li>\n<\/ul>\n<p><span style=\"font-size: large;\"><\/span><\/p>\n<ul>\n<li><span style=\"font-size: large;\">Graduado de la Escuela Militar, en el arma de Infanter\u00eda<\/span><\/li>\n<\/ul>\n<p><span style=\"font-size: large;\"><\/span><\/p>\n<ul>\n<li><span style=\"font-size: large;\">Graduado de la Academia de Guerra del Ej\u00e9rcito y la Fuerza A\u00e9rea<\/span><\/li>\n<\/ul>\n<p><span style=\"font-size: large;\"><\/span><\/p>\n<ul>\n<li><span style=\"font-size: large;\">Especialista en: <\/span>\n<ul>\n<li><span style=\"font-size: large;\">Fuerzas Especiales<\/span><\/li>\n<li><span style=\"font-size: large;\">Inteligencia<\/span><\/li>\n<li><span style=\"font-size: large;\">Paracaidista Militar<\/span><\/li>\n<li><span style=\"font-size: large;\">Instructor de Combate Especial<\/span><\/li>\n<li><span style=\"font-size: large;\">Profesor de Academia en Inteligencia Estrat\u00e9gica<\/span><\/li>\n<\/ul>\n<\/li>\n<li><span style=\"font-size: large;\">CEO en COBALTO SPA, marketing digital<\/span><\/li>\n<\/ul>\n<p><span style=\"font-size: large;\"><\/span><\/p>\n<ul>\n<li><span style=\"font-size: large;\">Fund\u00f3 LEADETIK Consultores<\/span><\/li>\n<\/ul>\n<p>[\/et_pb_text][\/et_pb_column][et_pb_column type=\u00bb2_3&#8243; specialty_columns=\u00bb2&#8243; _builder_version=\u00bb4.16&#8243; custom_padding=\u00bb|||\u00bb global_colors_info=\u00bb{}\u00bb custom_padding__hover=\u00bb|||\u00bb][et_pb_row_inner _builder_version=\u00bb4.16&#8243; background_color=\u00bbrgba(82,168,255,0.74)\u00bb background_color_gradient_direction=\u00bb108deg\u00bb custom_margin=\u00bb0px||0px||true\u00bb custom_padding=\u00bb80px|40px|80px|40px|true|true\u00bb animation_style=\u00bbslide\u00bb animation_direction=\u00bbright\u00bb animation_intensity_slide=\u00bb5%\u00bb border_radii=\u00bb||||3vw\u00bb box_shadow_style=\u00bbpreset1&#8243; box_shadow_horizontal=\u00bb10px\u00bb box_shadow_vertical=\u00bb14px\u00bb box_shadow_blur=\u00bb80px\u00bb box_shadow_spread=\u00bb7px\u00bb box_shadow_color=\u00bbrgba(0,51,102,0.3)\u00bb global_colors_info=\u00bb{}\u00bb][et_pb_column_inner saved_specialty_column_type=\u00bb2_3&#8243; _builder_version=\u00bb4.16&#8243; custom_padding=\u00bb|||\u00bb global_colors_info=\u00bb{}\u00bb custom_padding__hover=\u00bb|||\u00bb][et_pb_text _builder_version=\u00bb4.16&#8243; text_font=\u00bbOpen Sans||||||||\u00bb text_line_height=\u00bb2em\u00bb header_font=\u00bb||||||||\u00bb header_2_font=\u00bbCantata One||||||||\u00bb header_2_font_size=\u00bb40px\u00bb header_2_line_height=\u00bb1.4em\u00bb text_orientation=\u00bbcenter\u00bb background_layout=\u00bbdark\u00bb max_width=\u00bb756px\u00bb module_alignment=\u00bbcenter\u00bb custom_margin=\u00bb|68px||92px||\u00bb header_2_font_size_tablet=\u00bb35px\u00bb header_2_font_size_phone=\u00bb25px\u00bb header_2_font_size_last_edited=\u00bbon|phone\u00bb locked=\u00bboff\u00bb global_colors_info=\u00bb{}\u00bb]<\/p>\n<h1><strong>Experiencia Laboral<\/strong><o:p><\/o:p><\/h1>\n<p><span style=\"font-size: large;\">Socio en LEADETIK Consultores. Especialistas en planes estrat\u00e9gicos de negocios y seguridad ciudadana<\/span><\/p>\n<p><span style=\"font-size: large;\">Docente del programa Seguridad Ciudadana y Territorio de la UAI<\/span><\/p>\n<p><span style=\"font-size: large;\">Consultor senior en seguridad p\u00fablica<\/span><\/p>\n<p><span style=\"font-size: large;\">Columnista de Diario La Tribuna, radio Camila TV, radio San Crist\u00f3bal y Pa\u00eds Lobo<\/span><\/p>\n<p><span style=\"font-size: large;\">Director del Certificate Leadership and Managment UNAB<\/span><\/p>\n<p><span style=\"font-size: large;\">Director del Diplomado en Liderazgo y \u00c9tica Aplicada UNAB<\/span><\/p>\n<p><span style=\"font-size: large;\">Docente en Liderazgo Global y Desarrollo Personal<\/span><\/p>\n<p><span style=\"font-size: large;\">Jefe Acad\u00e9mico Centro de Inteligencia Territorial UAI<\/span><\/p>\n<p><span style=\"font-size: large;\">Comandante del glorioso Batall\u00f3n S\u00e9ptimo de L\u00ednea en Antofagasta<\/span><\/p>\n<p><span style=\"font-size: large;\">Miembro de los regimientos; Maipo, Carampangue, Escuela Militar, Escuela de Infanter\u00eda<\/span><\/p>\n<p><span style=\"font-size: large;\">Destinaciones fuera de Chile<\/span><\/p>\n<p><span style=\"font-size: large;\">Profesor invitado para ONU en Buenos Aires, Argentina<\/span><\/p>\n<p><span style=\"font-size: large;\">Alumno del Curso de Comandantes de Batall\u00f3n en el Ej\u00e9rcito de la Rep\u00fablica Popular China.<\/span><\/p>\n<p><span style=\"font-size: large;\">Jefe de Planificaci\u00f3n de Inteligencia para la Uni\u00f3n Europea en Sarajevo. Bosnia y Herzegovina<\/span><\/p>\n<p><span style=\"font-size: large;\">Alumno del curso de liderazgo en Fort Benning, USA.<\/span><\/p>\n<p>&nbsp;<\/p>\n<p>[\/et_pb_text][\/et_pb_column_inner][\/et_pb_row_inner][\/et_pb_column][\/et_pb_section]<\/p>\n","protected":false},"excerpt":{"rendered":"<p>JORGE ANDR\u00c9S CONTRERAS BL\u00dcME (KOKE) Candidato a Diputado Distrito 21Tres Hijos (Josefa, Fernanda y Rom\u00e1n) Dos hermanos Angelino de Coraz\u00f3n Angelino que nace y se cr\u00eda en la vida de campo en la comuna de Quilleco, en el hermoso sector de Loncop\u00e1n.\u00a0 Junto a su familia van y vuelven desde camino a Antuco a una [&hellip;]<\/p>\n","protected":false},"author":1,"featured_media":0,"parent":0,"menu_order":0,"comment_status":"closed","ping_status":"closed","template":"","meta":{"_et_pb_use_builder":"on","_et_pb_old_content":"","_et_gb_content_width":"","footnotes":""},"class_list":["post-37","page","type-page","status-publish","hentry"],"_links":{"self":[{"href":"https:\/\/jcontrerasblumel21.cl\/index.php?rest_route=\/wp\/v2\/pages\/37","targetHints":{"allow":["GET"]}}],"collection":[{"href":"https:\/\/jcontrerasblumel21.cl\/index.php?rest_route=\/wp\/v2\/pages"}],"about":[{"href":"https:\/\/jcontrerasblumel21.cl\/index.php?rest_route=\/wp\/v2\/types\/page"}],"author":[{"embeddable":true,"href":"https:\/\/jcontrerasblumel21.cl\/index.php?rest_route=\/wp\/v2\/users\/1"}],"replies":[{"embeddable":true,"href":"https:\/\/jcontrerasblumel21.cl\/index.php?rest_route=%2Fwp%2Fv2%2Fcomments&post=37"}],"version-history":[{"count":10,"href":"https:\/\/jcontrerasblumel21.cl\/index.php?rest_route=\/wp\/v2\/pages\/37\/revisions"}],"predecessor-version":[{"id":78,"href":"https:\/\/jcontrerasblumel21.cl\/index.php?rest_route=\/wp\/v2\/pages\/37\/revisions\/78"}],"wp:attachment":[{"href":"https:\/\/jcontrerasblumel21.cl\/index.php?rest_route=%2Fwp%2Fv2%2Fmedia&parent=37"}],"curies":[{"name":"wp","href":"https:\/\/api.w.org\/{rel}","templated":true}]}}